{"id":2,"date":"2010-12-08T22:10:04","date_gmt":"2010-12-09T05:10:04","guid":{"rendered":"http:\/?page_id=2"},"modified":"2022-08-11T03:02:17","modified_gmt":"2022-08-11T08:02:17","slug":"about","status":"publish","type":"page","link":"http:\/\/eglisetroisiemejour.ca\/","title":{"rendered":"Accueil"},"content":{"rendered":"<p><span style=\"color: rgb(0, 0, 0);\"><span style=\"font-size: medium;\">\u00c0 l\u2019\u00c9glise du Troisi\u00e8me Jour, \u00e9glise apostolique et proph\u00e9tique, la parole de Dieu est pr\u00each\u00e9e selon le flot du St-Esprit. C\u2019est-\u00e0-dire qu\u2019\u00e0 tout moment de ces rencontres, le Saint-Esprit a une libert\u00e9 totale de se mouvoir.<\/span><\/span><\/p>\n<p><span style=\"color: rgb(0, 0, 0);\"><span style=\"font-size: medium;\"><br \/>\nDans nos rencontres, nous avons un temps de louange et d\u2019adoration, incluant des chants proph\u00e9tiques, des danses par mouvements proph\u00e9tiques, des drapeaux ou des banni\u00e8res et le son du shofar. Le message est souvent suivi d\u2019un appel pour l\u2019imposition des mains, \u00e0 ceux qui le d\u00e9sirent. Vous entendrez souvent parler de l\u2019importance d\u2019avoir une relation intime avec J\u00e9sus, ainsi qu\u2019avec son prochain. Nous pla\u00e7ons \u00e9galement beaucoup d\u2019importance sur l\u2019unit\u00e9 et la paix dans le corps de Christ.<\/span><\/span><\/p>\n<p><span style=\"color: rgb(0, 0, 0);\"><span style=\"font-size: medium;\"><br \/>\nDans cette \u00e9glise, les cinq minist\u00e8res universels, soit ap\u00f4tre, proph\u00e8te, \u00e9vang\u00e9liste, pasteur et enseignant, sont en place. Par ces minist\u00e8res, le Seigneur a voulu former ceux qui appartiennent \u00e0 Dieu afin qu\u2019ils puissent accomplir leur destin\u00e9e.<\/span><\/span><\/p>\n<p><span style=\"color: rgb(0, 0, 0);\"><span style=\"font-size: medium;\"><br \/>\nNous prions que votre visite parmi nous puisse \u00eatre un temps de ressourcement, de rafra\u00eechissement et de direction pour votre p\u00e8lerinage spirituel.<\/span><\/span><\/p>\n<p><span style=\"color: rgb(0, 0, 0);\"><span style=\"font-size: medium;\"><br \/>\n<\/span><\/span><\/p>\n<p><span style=\"color: rgb(0, 0, 0);\">Pasteur Claude Danis<\/span><\/p>\n","protected":false},"excerpt":{"rendered":"<p>\u00c0 l\u2019\u00c9glise du Troisi\u00e8me Jour, \u00e9glise apostolique et proph\u00e9tique, la parole de Dieu est pr\u00each\u00e9e selon le flot du St-Esprit. C\u2019est-\u00e0-dire qu\u2019\u00e0 tout moment de ces rencontres, le Saint-Esprit a une libert\u00e9 totale de se mouvoir. Dans nos rencontres, nous &hellip; <a class=\"more-link\" href=\"http:\/\/eglisetroisiemejour.ca\/\">Continue reading <span class=\"meta-nav\">&rarr;<\/span><\/a><\/p>\n","protected":false},"author":1,"featured_media":0,"parent":0,"menu_order":1,"comment_status":"closed","ping_status":"open","template":"","meta":{"footnotes":""},"class_list":["post-2","page","type-page","status-publish","hentry"],"_links":{"self":[{"href":"http:\/\/eglisetroisiemejour.ca\/index.php?rest_route=\/wp\/v2\/pages\/2","targetHints":{"allow":["GET"]}}],"collection":[{"href":"http:\/\/eglisetroisiemejour.ca\/index.php?rest_route=\/wp\/v2\/pages"}],"about":[{"href":"http:\/\/eglisetroisiemejour.ca\/index.php?rest_route=\/wp\/v2\/types\/page"}],"author":[{"embeddable":true,"href":"http:\/\/eglisetroisiemejour.ca\/index.php?rest_route=\/wp\/v2\/users\/1"}],"replies":[{"embeddable":true,"href":"http:\/\/eglisetroisiemejour.ca\/index.php?rest_route=%2Fwp%2Fv2%2Fcomments&post=2"}],"version-history":[{"count":73,"href":"http:\/\/eglisetroisiemejour.ca\/index.php?rest_route=\/wp\/v2\/pages\/2\/revisions"}],"predecessor-version":[{"id":1412,"href":"http:\/\/eglisetroisiemejour.ca\/index.php?rest_route=\/wp\/v2\/pages\/2\/revisions\/1412"}],"wp:attachment":[{"href":"http:\/\/eglisetroisiemejour.ca\/index.php?rest_route=%2Fwp%2Fv2%2Fmedia&parent=2"}],"curies":[{"name":"wp","href":"https:\/\/api.w.org\/{rel}","templated":true}]}}